{"id":9723,"date":"2025-09-09T14:54:23","date_gmt":"2025-09-09T12:54:23","guid":{"rendered":"https:\/\/www.wilde-lelieu.com\/nos-evenements\/parsons-paris-ecole-art-design\/"},"modified":"2025-10-07T18:22:21","modified_gmt":"2025-10-07T16:22:21","slug":"parsons-paris-ecole-art-design","status":"publish","type":"nos-evenements","link":"https:\/\/www.wilde-lelieu.com\/en\/our-events\/parsons-paris-ecole-art-design\/","title":{"rendered":"Parsons Paris"},"excerpt":{"rendered":"<p>In 2024, the US art and design school Parsons Paris will be showcasing its students&#8217; end-of-year work in the Wilde.<\/p>\n","protected":false},"featured_media":9719,"template":"","meta":{"inline_featured_image":false,"_monsterinsights_skip_tracking":false,"_monsterinsights_sitenote_active":false,"_monsterinsights_sitenote_note":"","_monsterinsights_sitenote_category":0,"site-sidebar-layout":"default","site-content-layout":"","ast-site-content-layout":"default","site-content-style":"default","site-sidebar-style":"default","ast-global-header-display":"","ast-banner-title-visibility":"","ast-main-header-display":"","ast-hfb-above-header-display":"","ast-hfb-below-header-display":"","ast-hfb-mobile-header-display":"","site-post-title":"","ast-breadcrumbs-content":"","ast-featured-img":"disabled","footer-sml-layout":"","ast-disable-related-posts":"","theme-transparent-header-meta":"default","adv-header-id-meta":"","stick-header-meta":"default","header-above-stick-meta":"","header-main-stick-meta":"","header-below-stick-meta":"","astra-migrate-meta-layouts":"set","ast-page-background-enabled":"default","ast-page-background-meta":{"desktop":{"background-color":"","background-image":"","background-repeat":"repeat","background-position":"center center","background-size":"auto","background-attachment":"scroll","background-type":"","background-media":"","overlay-type":"","overlay-color":"","overlay-opacity":"","overlay-gradient":""},"tablet":{"background-color":"","background-image":"","background-repeat":"repeat","background-position":"center center","background-size":"auto","background-attachment":"scroll","background-type":"","background-media":"","overlay-type":"","overlay-color":"","overlay-opacity":"","overlay-gradient":""},"mobile":{"background-color":"","background-image":"","background-repeat":"repeat","background-position":"center center","background-size":"auto","background-attachment":"scroll","background-type":"","background-media":"","overlay-type":"","overlay-color":"","overlay-opacity":"","overlay-gradient":""}},"ast-content-background-meta":{"desktop":{"background-color":"var(--ast-global-color-5)","background-image":"","background-repeat":"repeat","background-position":"center center","background-size":"auto","background-attachment":"scroll","background-type":"","background-media":"","overlay-type":"","overlay-color":"","overlay-opacity":"","overlay-gradient":""},"tablet":{"background-color":"var(--ast-global-color-5)","background-image":"","background-repeat":"repeat","background-position":"center center","background-size":"auto","background-attachment":"scroll","background-type":"","background-media":"","overlay-type":"","overlay-color":"","overlay-opacity":"","overlay-gradient":""},"mobile":{"background-color":"var(--ast-global-color-5)","background-image":"","background-repeat":"repeat","background-position":"center center","background-size":"auto","background-attachment":"scroll","background-type":"","background-media":"","overlay-type":"","overlay-color":"","overlay-opacity":"","overlay-gradient":""}}},"event-tag":[104,106,100],"event-categorie":[125],"class_list":["post-9723","nos-evenements","type-nos-evenements","status-publish","has-post-thumbnail","hentry","event-tag-art","event-tag-design","event-tag-mode","event-categorie-exhibition"],"yoast_head":"<!-- This site is optimized with the Yoast SEO plugin v27.4 - https:\/\/yoast.com\/product\/yoast-seo-wordpress\/ -->\n<title>Parsons Paris - Graduation exhibition, class of 2024<\/title>\n<meta name=\"description\" content=\"In 2024, the US art and design school Parsons Paris will be showcasing its students&#039; end-of-year work in the Wilde.\" \/>\n<meta name=\"robots\" content=\"index, follow, max-snippet:-1, max-image-preview:large, max-video-preview:-1\" \/>\n<link rel=\"canonical\" href=\"https:\/\/www.wilde-lelieu.com\/en\/our-events\/parsons-paris-ecole-art-design\/\" \/>\n<meta property=\"og:locale\" content=\"en_US\" \/>\n<meta property=\"og:type\" content=\"article\" \/>\n<meta property=\"og:title\" content=\"Parsons Paris - Graduation exhibition, class of 2024\" \/>\n<meta property=\"og:description\" content=\"In 2024, the US art and design school Parsons Paris will be showcasing its students&#039; end-of-year work in the Wilde.\" \/>\n<meta property=\"og:url\" content=\"https:\/\/www.wilde-lelieu.com\/en\/our-events\/parsons-paris-ecole-art-design\/\" \/>\n<meta property=\"og:site_name\" content=\"Wilde Le Lieu - Paris\" \/>\n<meta property=\"article:publisher\" content=\"https:\/\/www.facebook.com\/wildelelieu\" \/>\n<meta property=\"article:modified_time\" content=\"2025-10-07T16:22:21+00:00\" \/>\n<meta property=\"og:image\" content=\"https:\/\/www.wilde-lelieu.com\/wp-content\/uploads\/Parsons-Paris-2024-cover-evenement.webp\" \/>\n\t<meta property=\"og:image:width\" content=\"1920\" \/>\n\t<meta property=\"og:image:height\" content=\"1080\" \/>\n\t<meta property=\"og:image:type\" content=\"image\/webp\" \/>\n<meta name=\"twitter:card\" content=\"summary_large_image\" \/>\n<meta name=\"twitter:label1\" content=\"Est. reading time\" \/>\n\t<meta name=\"twitter:data1\" content=\"1 minute\" \/>\n<script type=\"application\/ld+json\" class=\"yoast-schema-graph\">{\"@context\":\"https:\\\/\\\/schema.org\",\"@graph\":[{\"@type\":\"WebPage\",\"@id\":\"https:\\\/\\\/www.wilde-lelieu.com\\\/en\\\/our-events\\\/parsons-paris-ecole-art-design\\\/\",\"url\":\"https:\\\/\\\/www.wilde-lelieu.com\\\/en\\\/our-events\\\/parsons-paris-ecole-art-design\\\/\",\"name\":\"Parsons Paris - Graduation exhibition, class of 2024\",\"isPartOf\":{\"@id\":\"https:\\\/\\\/www.wilde-lelieu.com\\\/en\\\/#website\"},\"primaryImageOfPage\":{\"@id\":\"https:\\\/\\\/www.wilde-lelieu.com\\\/en\\\/our-events\\\/parsons-paris-ecole-art-design\\\/#primaryimage\"},\"image\":{\"@id\":\"https:\\\/\\\/www.wilde-lelieu.com\\\/en\\\/our-events\\\/parsons-paris-ecole-art-design\\\/#primaryimage\"},\"thumbnailUrl\":\"https:\\\/\\\/www.wilde-lelieu.com\\\/wp-content\\\/uploads\\\/Parsons-Paris-2024-cover-evenement.webp\",\"datePublished\":\"2025-09-09T12:54:23+00:00\",\"dateModified\":\"2025-10-07T16:22:21+00:00\",\"description\":\"In 2024, the US art and design school Parsons Paris will be showcasing its students' end-of-year work in the Wilde.\",\"breadcrumb\":{\"@id\":\"https:\\\/\\\/www.wilde-lelieu.com\\\/en\\\/our-events\\\/parsons-paris-ecole-art-design\\\/#breadcrumb\"},\"inLanguage\":\"en-US\",\"potentialAction\":[{\"@type\":\"ReadAction\",\"target\":[\"https:\\\/\\\/www.wilde-lelieu.com\\\/en\\\/our-events\\\/parsons-paris-ecole-art-design\\\/\"]}]},{\"@type\":\"ImageObject\",\"inLanguage\":\"en-US\",\"@id\":\"https:\\\/\\\/www.wilde-lelieu.com\\\/en\\\/our-events\\\/parsons-paris-ecole-art-design\\\/#primaryimage\",\"url\":\"https:\\\/\\\/www.wilde-lelieu.com\\\/wp-content\\\/uploads\\\/Parsons-Paris-2024-cover-evenement.webp\",\"contentUrl\":\"https:\\\/\\\/www.wilde-lelieu.com\\\/wp-content\\\/uploads\\\/Parsons-Paris-2024-cover-evenement.webp\",\"width\":1920,\"height\":1080,\"caption\":\"Parsons Paris 2024 - Exposition des travaux de fin d'\u00e9tudes - Un \u00e9cran pos\u00e9 contre un mur, encadr\u00e9 de 2 grands bougeoirs avec une seule bougie allum\u00e9e - le texte \\\"I saw flowers growing from a chair\\\"\"},{\"@type\":\"BreadcrumbList\",\"@id\":\"https:\\\/\\\/www.wilde-lelieu.com\\\/en\\\/our-events\\\/parsons-paris-ecole-art-design\\\/#breadcrumb\",\"itemListElement\":[{\"@type\":\"ListItem\",\"position\":1,\"name\":\"Accueil\",\"item\":\"https:\\\/\\\/www.wilde-lelieu.com\\\/en\\\/home-wilde-le-lieu\\\/\"},{\"@type\":\"ListItem\",\"position\":2,\"name\":\"Parsons Paris\"}]},{\"@type\":\"WebSite\",\"@id\":\"https:\\\/\\\/www.wilde-lelieu.com\\\/en\\\/#website\",\"url\":\"https:\\\/\\\/www.wilde-lelieu.com\\\/en\\\/\",\"name\":\"wilde - le lieu d'art \u00e0 Paris - le Marais\",\"description\":\"Showroom \u00e0 Paris, Le Marais\",\"publisher\":{\"@id\":\"https:\\\/\\\/www.wilde-lelieu.com\\\/en\\\/#organization\"},\"potentialAction\":[{\"@type\":\"SearchAction\",\"target\":{\"@type\":\"EntryPoint\",\"urlTemplate\":\"https:\\\/\\\/www.wilde-lelieu.com\\\/en\\\/?s={search_term_string}\"},\"query-input\":{\"@type\":\"PropertyValueSpecification\",\"valueRequired\":true,\"valueName\":\"search_term_string\"}}],\"inLanguage\":\"en-US\"},{\"@type\":\"Organization\",\"@id\":\"https:\\\/\\\/www.wilde-lelieu.com\\\/en\\\/#organization\",\"name\":\"WILDE - le lieu d'art \u00e0 Paris - le Marais\",\"url\":\"https:\\\/\\\/www.wilde-lelieu.com\\\/en\\\/\",\"logo\":{\"@type\":\"ImageObject\",\"inLanguage\":\"en-US\",\"@id\":\"https:\\\/\\\/www.wilde-lelieu.com\\\/en\\\/#\\\/schema\\\/logo\\\/image\\\/\",\"url\":\"https:\\\/\\\/www.wilde-lelieu.com\\\/wp-content\\\/uploads\\\/logo_wilde_02.svg\",\"contentUrl\":\"https:\\\/\\\/www.wilde-lelieu.com\\\/wp-content\\\/uploads\\\/logo_wilde_02.svg\",\"width\":2816,\"height\":1135,\"caption\":\"WILDE - le lieu d'art \u00e0 Paris - le Marais\"},\"image\":{\"@id\":\"https:\\\/\\\/www.wilde-lelieu.com\\\/en\\\/#\\\/schema\\\/logo\\\/image\\\/\"},\"sameAs\":[\"https:\\\/\\\/www.facebook.com\\\/wildelelieu\",\"https:\\\/\\\/www.instagram.com\\\/wildelelieu\\\/\",\"https:\\\/\\\/www.linkedin.com\\\/company\\\/wilde-le-lieu\\\/about\\\/\"]}]}<\/script>\n<!-- \/ Yoast SEO plugin. -->","yoast_head_json":{"title":"Parsons Paris - Graduation exhibition, class of 2024","description":"In 2024, the US art and design school Parsons Paris will be showcasing its students' end-of-year work in the Wilde.","robots":{"index":"index","follow":"follow","max-snippet":"max-snippet:-1","max-image-preview":"max-image-preview:large","max-video-preview":"max-video-preview:-1"},"canonical":"https:\/\/www.wilde-lelieu.com\/en\/our-events\/parsons-paris-ecole-art-design\/","og_locale":"en_US","og_type":"article","og_title":"Parsons Paris - Graduation exhibition, class of 2024","og_description":"In 2024, the US art and design school Parsons Paris will be showcasing its students' end-of-year work in the Wilde.","og_url":"https:\/\/www.wilde-lelieu.com\/en\/our-events\/parsons-paris-ecole-art-design\/","og_site_name":"Wilde Le Lieu - Paris","article_publisher":"https:\/\/www.facebook.com\/wildelelieu","article_modified_time":"2025-10-07T16:22:21+00:00","og_image":[{"width":1920,"height":1080,"url":"https:\/\/www.wilde-lelieu.com\/wp-content\/uploads\/Parsons-Paris-2024-cover-evenement.webp","type":"image\/webp"}],"twitter_card":"summary_large_image","twitter_misc":{"Est. reading time":"1 minute"},"schema":{"@context":"https:\/\/schema.org","@graph":[{"@type":"WebPage","@id":"https:\/\/www.wilde-lelieu.com\/en\/our-events\/parsons-paris-ecole-art-design\/","url":"https:\/\/www.wilde-lelieu.com\/en\/our-events\/parsons-paris-ecole-art-design\/","name":"Parsons Paris - Graduation exhibition, class of 2024","isPartOf":{"@id":"https:\/\/www.wilde-lelieu.com\/en\/#website"},"primaryImageOfPage":{"@id":"https:\/\/www.wilde-lelieu.com\/en\/our-events\/parsons-paris-ecole-art-design\/#primaryimage"},"image":{"@id":"https:\/\/www.wilde-lelieu.com\/en\/our-events\/parsons-paris-ecole-art-design\/#primaryimage"},"thumbnailUrl":"https:\/\/www.wilde-lelieu.com\/wp-content\/uploads\/Parsons-Paris-2024-cover-evenement.webp","datePublished":"2025-09-09T12:54:23+00:00","dateModified":"2025-10-07T16:22:21+00:00","description":"In 2024, the US art and design school Parsons Paris will be showcasing its students' end-of-year work in the Wilde.","breadcrumb":{"@id":"https:\/\/www.wilde-lelieu.com\/en\/our-events\/parsons-paris-ecole-art-design\/#breadcrumb"},"inLanguage":"en-US","potentialAction":[{"@type":"ReadAction","target":["https:\/\/www.wilde-lelieu.com\/en\/our-events\/parsons-paris-ecole-art-design\/"]}]},{"@type":"ImageObject","inLanguage":"en-US","@id":"https:\/\/www.wilde-lelieu.com\/en\/our-events\/parsons-paris-ecole-art-design\/#primaryimage","url":"https:\/\/www.wilde-lelieu.com\/wp-content\/uploads\/Parsons-Paris-2024-cover-evenement.webp","contentUrl":"https:\/\/www.wilde-lelieu.com\/wp-content\/uploads\/Parsons-Paris-2024-cover-evenement.webp","width":1920,"height":1080,"caption":"Parsons Paris 2024 - Exposition des travaux de fin d'\u00e9tudes - Un \u00e9cran pos\u00e9 contre un mur, encadr\u00e9 de 2 grands bougeoirs avec une seule bougie allum\u00e9e - le texte \"I saw flowers growing from a chair\""},{"@type":"BreadcrumbList","@id":"https:\/\/www.wilde-lelieu.com\/en\/our-events\/parsons-paris-ecole-art-design\/#breadcrumb","itemListElement":[{"@type":"ListItem","position":1,"name":"Accueil","item":"https:\/\/www.wilde-lelieu.com\/en\/home-wilde-le-lieu\/"},{"@type":"ListItem","position":2,"name":"Parsons Paris"}]},{"@type":"WebSite","@id":"https:\/\/www.wilde-lelieu.com\/en\/#website","url":"https:\/\/www.wilde-lelieu.com\/en\/","name":"wilde - le lieu d'art \u00e0 Paris - le Marais","description":"Showroom \u00e0 Paris, Le Marais","publisher":{"@id":"https:\/\/www.wilde-lelieu.com\/en\/#organization"},"potentialAction":[{"@type":"SearchAction","target":{"@type":"EntryPoint","urlTemplate":"https:\/\/www.wilde-lelieu.com\/en\/?s={search_term_string}"},"query-input":{"@type":"PropertyValueSpecification","valueRequired":true,"valueName":"search_term_string"}}],"inLanguage":"en-US"},{"@type":"Organization","@id":"https:\/\/www.wilde-lelieu.com\/en\/#organization","name":"WILDE - le lieu d'art \u00e0 Paris - le Marais","url":"https:\/\/www.wilde-lelieu.com\/en\/","logo":{"@type":"ImageObject","inLanguage":"en-US","@id":"https:\/\/www.wilde-lelieu.com\/en\/#\/schema\/logo\/image\/","url":"https:\/\/www.wilde-lelieu.com\/wp-content\/uploads\/logo_wilde_02.svg","contentUrl":"https:\/\/www.wilde-lelieu.com\/wp-content\/uploads\/logo_wilde_02.svg","width":2816,"height":1135,"caption":"WILDE - le lieu d'art \u00e0 Paris - le Marais"},"image":{"@id":"https:\/\/www.wilde-lelieu.com\/en\/#\/schema\/logo\/image\/"},"sameAs":["https:\/\/www.facebook.com\/wildelelieu","https:\/\/www.instagram.com\/wildelelieu\/","https:\/\/www.linkedin.com\/company\/wilde-le-lieu\/about\/"]}]}},"_links":{"self":[{"href":"https:\/\/www.wilde-lelieu.com\/en\/wp-json\/wp\/v2\/nos-evenements\/9723","targetHints":{"allow":["GET"]}}],"collection":[{"href":"https:\/\/www.wilde-lelieu.com\/en\/wp-json\/wp\/v2\/nos-evenements"}],"about":[{"href":"https:\/\/www.wilde-lelieu.com\/en\/wp-json\/wp\/v2\/types\/nos-evenements"}],"wp:featuredmedia":[{"embeddable":true,"href":"https:\/\/www.wilde-lelieu.com\/en\/wp-json\/wp\/v2\/media\/9719"}],"wp:attachment":[{"href":"https:\/\/www.wilde-lelieu.com\/en\/wp-json\/wp\/v2\/media?parent=9723"}],"wp:term":[{"taxonomy":"event-tag","embeddable":true,"href":"https:\/\/www.wilde-lelieu.com\/en\/wp-json\/wp\/v2\/event-tag?post=9723"},{"taxonomy":"event-categorie","embeddable":true,"href":"https:\/\/www.wilde-lelieu.com\/en\/wp-json\/wp\/v2\/event-categorie?post=9723"}],"curies":[{"name":"wp","href":"https:\/\/api.w.org\/{rel}","templated":true}]}}